{"id":7641,"date":"2018-08-28T17:53:50","date_gmt":"2018-08-28T15:53:50","guid":{"rendered":"https:\/\/planbleu.org\/event\/mid-term-workshop-and-public-hearing-of-the-biodiversity-protection-community\/"},"modified":"2020-06-02T20:19:55","modified_gmt":"2020-06-02T18:19:55","slug":"mid-term-workshop-and-public-hearing-of-the-biodiversity-protection-community","status":"publish","type":"event","link":"https:\/\/planbleu.org\/en\/event\/mid-term-workshop-and-public-hearing-of-the-biodiversity-protection-community\/","title":{"rendered":"Mid-term workshop and public hearing of the biodiversity protection community"},"content":{"rendered":"<p><img decoding=\"async\" style=\"width: 400px; height: 300px; margin-left: 5px; margin-right: 5px; float: right;\" src=\"http:\/\/planbleu.org\/wp-content\/uploads\/2018\/08\/Panacea_Bruxelles_dec2018.jpg\" alt=\"\" \/>The <strong>Mid-term workshop and public hearing of the Mediterranean Biodiversity Protection Community<\/strong> featured by the PANACeA project took place in Brussels, 4th and 5th December 2018. The aim was to transfer the lessons learnt by the Community of Interreg Med Biodiversity Protection projects and protected areas to a wider audience, in particular EU, Mediterranean and national policy makers, public authorities, environmental organizations and territorial cooperation institutions.<\/p>\n<p>The preparatory workshop &#8220;<strong>Ecosystem based approach: benefits for people and nature<\/strong>&#8221; gathered 11 projects on biodiversity protection from the Interreg Med programme to present and support the transferability of their results to a wider audience including external environmental actors, policy-makers and scientists.<\/p>\n<p>The second day, together with the SEArica Intergroup, the public hearing &#8220;<strong>Mediterranean ecosystems in danger: Enhancing EU policy response<\/strong>&#8221; discussed solutions to conserve biodiversity and increase the resilience of natural resources in the Mediterranean Sea. This event encouraged a stronger commitment of all stakeholders for a better understanding and application of an ecosystem-based management in the development and implementation of policies at all levels.<\/p>\n<p><strong><a href=\"http:\/\/planbleu.org\/wp-content\/uploads\/2018\/08\/PANACEA_report_event_bxl_dec18_DECLARATION_FINAL_03.pdf\" target=\"_blank\" rel=\"noopener noreferrer\">Enhancing EU Policies with ecosystem-based approaches: summary and conclusions of the workshop &amp; public hearing<\/a> <\/strong><\/p>\n<p><strong><a href=\"http:\/\/planbleu.org\/wp-content\/uploads\/2018\/08\/PANACeA_Brussels_Press_release_EN.pdf\" target=\"_blank\" rel=\"noopener noreferrer\">Press release<\/a><\/strong><\/p>\n<p><strong><a href=\"http:\/\/planbleu.org\/wp-content\/uploads\/2018\/08\/DRAFT_Agenda_PANACeA_Brussels_2018_WEB.pdf\">Agenda<\/a><\/strong><\/p>\n<p><strong><a href=\"http:\/\/planbleu.org\/wp-content\/uploads\/2018\/08\/DRAFT_EPAgenda_PANACeA_Brussels_2018.pdf\" target=\"_blank\" rel=\"noopener noreferrer\">Agenda of 5th December<\/a><\/strong><\/p>\n<p>&nbsp;<\/p>\n<table style=\"width: 800px;\" border=\"0\" cellspacing=\"1\" cellpadding=\"1\">\n<tbody>\n<tr>\n<td><img decoding=\"async\" style=\"width: 250px; height: 167px;\" src=\"http:\/\/planbleu.org\/wp-content\/uploads\/2018\/08\/IMG_5271.jpg\" alt=\"\" \/><\/td>\n<td><img decoding=\"async\" style=\"width: 250px; height: 167px;\" src=\"http:\/\/planbleu.org\/wp-content\/uploads\/2018\/08\/IMG_5238.jpg\" alt=\"\" \/><\/td>\n<td><img decoding=\"async\" style=\"width: 250px; height: 167px;\" src=\"http:\/\/planbleu.org\/wp-content\/uploads\/2018\/08\/IMG_5077.jpg\" alt=\"\" \/><\/td>\n<\/tr>\n<tr>\n<td><img decoding=\"async\" style=\"width: 250px; height: 167px;\" src=\"http:\/\/planbleu.org\/wp-content\/uploads\/2018\/08\/IMG_5063.jpg\" alt=\"\" \/><\/td>\n<td><img decoding=\"async\" style=\"width: 250px; height: 167px;\" src=\"http:\/\/planbleu.org\/wp-content\/uploads\/2018\/08\/IMG_5075.jpg\" alt=\"\" \/><\/td>\n<td><img decoding=\"async\" style=\"width: 250px; height: 167px;\" src=\"http:\/\/planbleu.org\/wp-content\/uploads\/2018\/08\/IMG_20181205_091950.jpg\" alt=\"\" \/><\/td>\n<\/tr>\n<\/tbody>\n<\/table>\n<p>&nbsp;<\/p>\n","protected":false},"featured_media":1851,"template":"","tags":[337],"pb_tags":[],"class_list":["post-7641","event","type-event","status-publish","has-post-thumbnail","hentry","tag-biodiversity"],"yoast_head":"<!-- This site is optimized with the Yoast SEO plugin v25.1 - https:\/\/yoast.com\/wordpress\/plugins\/seo\/ -->\n<title>Mid-term workshop and public hearing of the biodiversity protection community - Plan-bleu : Environnement et d\u00e9veloppement en M\u00e9diterran\u00e9e<\/title>\n<meta name=\"robots\" content=\"index, follow, max-snippet:-1, max-image-preview:large, max-video-preview:-1\" \/>\n<link rel=\"canonical\" href=\"https:\/\/planbleu.org\/event\/atelier-a-mi-parcours-et-audition-publique-de-la-communaute-de-la-protection-de-la-biodiversite\/\" \/>\n<meta property=\"og:locale\" content=\"en_US\" \/>\n<meta property=\"og:type\" content=\"article\" \/>\n<meta property=\"og:title\" content=\"Mid-term workshop and public hearing of the biodiversity protection community - Plan-bleu : Environnement et d\u00e9veloppement en M\u00e9diterran\u00e9e\" \/>\n<meta property=\"og:description\" content=\"The Mid-term workshop and public hearing of the Mediterranean Biodiversity Protection Community featured by the PANACeA project took place in Brussels, 4th and 5th December 2018. The aim was to transfer the lessons learnt by the Community of Interreg Med Biodiversity Protection projects and protected areas to a wider audience, in particular EU, Mediterranean and [&hellip;]\" \/>\n<meta property=\"og:url\" content=\"https:\/\/planbleu.org\/event\/atelier-a-mi-parcours-et-audition-publique-de-la-communaute-de-la-protection-de-la-biodiversite\/\" \/>\n<meta property=\"og:site_name\" content=\"Plan-bleu : Environnement et d\u00e9veloppement en M\u00e9diterran\u00e9e\" \/>\n<meta property=\"article:publisher\" content=\"https:\/\/www.facebook.com\/planbleu.org\" \/>\n<meta property=\"article:modified_time\" content=\"2020-06-02T18:19:55+00:00\" \/>\n<meta property=\"og:image\" content=\"https:\/\/planbleu.org\/wp-content\/uploads\/2018\/10\/mid_term_workshop_panacea.png\" \/>\n\t<meta property=\"og:image:width\" content=\"367\" \/>\n\t<meta property=\"og:image:height\" content=\"362\" \/>\n\t<meta property=\"og:image:type\" content=\"image\/png\" \/>\n<meta name=\"twitter:card\" content=\"summary_large_image\" \/>\n<meta name=\"twitter:label1\" content=\"Est. reading time\" \/>\n\t<meta name=\"twitter:data1\" content=\"1 minute\" \/>\n<script type=\"application\/ld+json\" class=\"yoast-schema-graph\">{\"@context\":\"https:\/\/schema.org\",\"@graph\":[{\"@type\":\"WebPage\",\"@id\":\"https:\/\/planbleu.org\/event\/atelier-a-mi-parcours-et-audition-publique-de-la-communaute-de-la-protection-de-la-biodiversite\/\",\"url\":\"https:\/\/planbleu.org\/event\/atelier-a-mi-parcours-et-audition-publique-de-la-communaute-de-la-protection-de-la-biodiversite\/\",\"name\":\"Mid-term workshop and public hearing of the biodiversity protection community - Plan-bleu : Environnement et d\u00e9veloppement en M\u00e9diterran\u00e9e\",\"isPartOf\":{\"@id\":\"https:\/\/planbleu.org\/#website\"},\"primaryImageOfPage\":{\"@id\":\"https:\/\/planbleu.org\/event\/atelier-a-mi-parcours-et-audition-publique-de-la-communaute-de-la-protection-de-la-biodiversite\/#primaryimage\"},\"image\":{\"@id\":\"https:\/\/planbleu.org\/event\/atelier-a-mi-parcours-et-audition-publique-de-la-communaute-de-la-protection-de-la-biodiversite\/#primaryimage\"},\"thumbnailUrl\":\"https:\/\/planbleu.org\/wp-content\/uploads\/2018\/10\/mid_term_workshop_panacea.png\",\"datePublished\":\"2018-08-28T15:53:50+00:00\",\"dateModified\":\"2020-06-02T18:19:55+00:00\",\"breadcrumb\":{\"@id\":\"https:\/\/planbleu.org\/event\/atelier-a-mi-parcours-et-audition-publique-de-la-communaute-de-la-protection-de-la-biodiversite\/#breadcrumb\"},\"inLanguage\":\"en-US\",\"potentialAction\":[{\"@type\":\"ReadAction\",\"target\":[\"https:\/\/planbleu.org\/event\/atelier-a-mi-parcours-et-audition-publique-de-la-communaute-de-la-protection-de-la-biodiversite\/\"]}]},{\"@type\":\"ImageObject\",\"inLanguage\":\"en-US\",\"@id\":\"https:\/\/planbleu.org\/event\/atelier-a-mi-parcours-et-audition-publique-de-la-communaute-de-la-protection-de-la-biodiversite\/#primaryimage\",\"url\":\"https:\/\/planbleu.org\/wp-content\/uploads\/2018\/10\/mid_term_workshop_panacea.png\",\"contentUrl\":\"https:\/\/planbleu.org\/wp-content\/uploads\/2018\/10\/mid_term_workshop_panacea.png\",\"width\":367,\"height\":362,\"caption\":\"mid_term_workshop_panacea\"},{\"@type\":\"BreadcrumbList\",\"@id\":\"https:\/\/planbleu.org\/event\/atelier-a-mi-parcours-et-audition-publique-de-la-communaute-de-la-protection-de-la-biodiversite\/#breadcrumb\",\"itemListElement\":[{\"@type\":\"ListItem\",\"position\":1,\"name\":\"Home\",\"item\":\"https:\/\/planbleu.org\/en\/\"},{\"@type\":\"ListItem\",\"position\":2,\"name\":\"Ev\u00e8nements\",\"item\":\"https:\/\/planbleu.org\/evenement\/\"},{\"@type\":\"ListItem\",\"position\":3,\"name\":\"Mid-term workshop and public hearing of the biodiversity protection community\"}]},{\"@type\":\"WebSite\",\"@id\":\"https:\/\/planbleu.org\/#website\",\"url\":\"https:\/\/planbleu.org\/\",\"name\":\"Plan-bleu : Environnement et d\u00e9veloppement en M\u00e9diterran\u00e9e\",\"description\":\"\",\"publisher\":{\"@id\":\"https:\/\/planbleu.org\/#organization\"},\"potentialAction\":[{\"@type\":\"SearchAction\",\"target\":{\"@type\":\"EntryPoint\",\"urlTemplate\":\"https:\/\/planbleu.org\/?s={search_term_string}\"},\"query-input\":{\"@type\":\"PropertyValueSpecification\",\"valueRequired\":true,\"valueName\":\"search_term_string\"}}],\"inLanguage\":\"en-US\"},{\"@type\":\"Organization\",\"@id\":\"https:\/\/planbleu.org\/#organization\",\"name\":\"Plan-bleu : Environnement et d\u00e9veloppement en M\u00e9diterran\u00e9e\",\"url\":\"https:\/\/planbleu.org\/\",\"logo\":{\"@type\":\"ImageObject\",\"inLanguage\":\"en-US\",\"@id\":\"https:\/\/planbleu.org\/#\/schema\/logo\/image\/\",\"url\":\"https:\/\/planbleu.org\/wp-content\/uploads\/2023\/04\/cropped-PB-pantone-base-FR-300x196-1.png\",\"contentUrl\":\"https:\/\/planbleu.org\/wp-content\/uploads\/2023\/04\/cropped-PB-pantone-base-FR-300x196-1.png\",\"width\":300,\"height\":196,\"caption\":\"Plan-bleu : Environnement et d\u00e9veloppement en M\u00e9diterran\u00e9e\"},\"image\":{\"@id\":\"https:\/\/planbleu.org\/#\/schema\/logo\/image\/\"},\"sameAs\":[\"https:\/\/www.facebook.com\/planbleu.org\"]}]}<\/script>\n<!-- \/ Yoast SEO plugin. -->","yoast_head_json":{"title":"Mid-term workshop and public hearing of the biodiversity protection community - Plan-bleu : Environnement et d\u00e9veloppement en M\u00e9diterran\u00e9e","robots":{"index":"index","follow":"follow","max-snippet":"max-snippet:-1","max-image-preview":"max-image-preview:large","max-video-preview":"max-video-preview:-1"},"canonical":"https:\/\/planbleu.org\/event\/atelier-a-mi-parcours-et-audition-publique-de-la-communaute-de-la-protection-de-la-biodiversite\/","og_locale":"en_US","og_type":"article","og_title":"Mid-term workshop and public hearing of the biodiversity protection community - Plan-bleu : Environnement et d\u00e9veloppement en M\u00e9diterran\u00e9e","og_description":"The Mid-term workshop and public hearing of the Mediterranean Biodiversity Protection Community featured by the PANACeA project took place in Brussels, 4th and 5th December 2018. The aim was to transfer the lessons learnt by the Community of Interreg Med Biodiversity Protection projects and protected areas to a wider audience, in particular EU, Mediterranean and [&hellip;]","og_url":"https:\/\/planbleu.org\/event\/atelier-a-mi-parcours-et-audition-publique-de-la-communaute-de-la-protection-de-la-biodiversite\/","og_site_name":"Plan-bleu : Environnement et d\u00e9veloppement en M\u00e9diterran\u00e9e","article_publisher":"https:\/\/www.facebook.com\/planbleu.org","article_modified_time":"2020-06-02T18:19:55+00:00","og_image":[{"width":367,"height":362,"url":"https:\/\/planbleu.org\/wp-content\/uploads\/2018\/10\/mid_term_workshop_panacea.png","type":"image\/png"}],"twitter_card":"summary_large_image","twitter_misc":{"Est. reading time":"1 minute"},"schema":{"@context":"https:\/\/schema.org","@graph":[{"@type":"WebPage","@id":"https:\/\/planbleu.org\/event\/atelier-a-mi-parcours-et-audition-publique-de-la-communaute-de-la-protection-de-la-biodiversite\/","url":"https:\/\/planbleu.org\/event\/atelier-a-mi-parcours-et-audition-publique-de-la-communaute-de-la-protection-de-la-biodiversite\/","name":"Mid-term workshop and public hearing of the biodiversity protection community - Plan-bleu : Environnement et d\u00e9veloppement en M\u00e9diterran\u00e9e","isPartOf":{"@id":"https:\/\/planbleu.org\/#website"},"primaryImageOfPage":{"@id":"https:\/\/planbleu.org\/event\/atelier-a-mi-parcours-et-audition-publique-de-la-communaute-de-la-protection-de-la-biodiversite\/#primaryimage"},"image":{"@id":"https:\/\/planbleu.org\/event\/atelier-a-mi-parcours-et-audition-publique-de-la-communaute-de-la-protection-de-la-biodiversite\/#primaryimage"},"thumbnailUrl":"https:\/\/planbleu.org\/wp-content\/uploads\/2018\/10\/mid_term_workshop_panacea.png","datePublished":"2018-08-28T15:53:50+00:00","dateModified":"2020-06-02T18:19:55+00:00","breadcrumb":{"@id":"https:\/\/planbleu.org\/event\/atelier-a-mi-parcours-et-audition-publique-de-la-communaute-de-la-protection-de-la-biodiversite\/#breadcrumb"},"inLanguage":"en-US","potentialAction":[{"@type":"ReadAction","target":["https:\/\/planbleu.org\/event\/atelier-a-mi-parcours-et-audition-publique-de-la-communaute-de-la-protection-de-la-biodiversite\/"]}]},{"@type":"ImageObject","inLanguage":"en-US","@id":"https:\/\/planbleu.org\/event\/atelier-a-mi-parcours-et-audition-publique-de-la-communaute-de-la-protection-de-la-biodiversite\/#primaryimage","url":"https:\/\/planbleu.org\/wp-content\/uploads\/2018\/10\/mid_term_workshop_panacea.png","contentUrl":"https:\/\/planbleu.org\/wp-content\/uploads\/2018\/10\/mid_term_workshop_panacea.png","width":367,"height":362,"caption":"mid_term_workshop_panacea"},{"@type":"BreadcrumbList","@id":"https:\/\/planbleu.org\/event\/atelier-a-mi-parcours-et-audition-publique-de-la-communaute-de-la-protection-de-la-biodiversite\/#breadcrumb","itemListElement":[{"@type":"ListItem","position":1,"name":"Home","item":"https:\/\/planbleu.org\/en\/"},{"@type":"ListItem","position":2,"name":"Ev\u00e8nements","item":"https:\/\/planbleu.org\/evenement\/"},{"@type":"ListItem","position":3,"name":"Mid-term workshop and public hearing of the biodiversity protection community"}]},{"@type":"WebSite","@id":"https:\/\/planbleu.org\/#website","url":"https:\/\/planbleu.org\/","name":"Plan-bleu : Environnement et d\u00e9veloppement en M\u00e9diterran\u00e9e","description":"","publisher":{"@id":"https:\/\/planbleu.org\/#organization"},"potentialAction":[{"@type":"SearchAction","target":{"@type":"EntryPoint","urlTemplate":"https:\/\/planbleu.org\/?s={search_term_string}"},"query-input":{"@type":"PropertyValueSpecification","valueRequired":true,"valueName":"search_term_string"}}],"inLanguage":"en-US"},{"@type":"Organization","@id":"https:\/\/planbleu.org\/#organization","name":"Plan-bleu : Environnement et d\u00e9veloppement en M\u00e9diterran\u00e9e","url":"https:\/\/planbleu.org\/","logo":{"@type":"ImageObject","inLanguage":"en-US","@id":"https:\/\/planbleu.org\/#\/schema\/logo\/image\/","url":"https:\/\/planbleu.org\/wp-content\/uploads\/2023\/04\/cropped-PB-pantone-base-FR-300x196-1.png","contentUrl":"https:\/\/planbleu.org\/wp-content\/uploads\/2023\/04\/cropped-PB-pantone-base-FR-300x196-1.png","width":300,"height":196,"caption":"Plan-bleu : Environnement et d\u00e9veloppement en M\u00e9diterran\u00e9e"},"image":{"@id":"https:\/\/planbleu.org\/#\/schema\/logo\/image\/"},"sameAs":["https:\/\/www.facebook.com\/planbleu.org"]}]}},"_links":{"self":[{"href":"https:\/\/planbleu.org\/en\/wp-json\/wp\/v2\/event\/7641","targetHints":{"allow":["GET"]}}],"collection":[{"href":"https:\/\/planbleu.org\/en\/wp-json\/wp\/v2\/event"}],"about":[{"href":"https:\/\/planbleu.org\/en\/wp-json\/wp\/v2\/types\/event"}],"version-history":[{"count":0,"href":"https:\/\/planbleu.org\/en\/wp-json\/wp\/v2\/event\/7641\/revisions"}],"wp:featuredmedia":[{"embeddable":true,"href":"https:\/\/planbleu.org\/en\/wp-json\/wp\/v2\/media\/1851"}],"wp:attachment":[{"href":"https:\/\/planbleu.org\/en\/wp-json\/wp\/v2\/media?parent=7641"}],"wp:term":[{"taxonomy":"post_tag","embeddable":true,"href":"https:\/\/planbleu.org\/en\/wp-json\/wp\/v2\/tags?post=7641"},{"taxonomy":"pb_tags","embeddable":true,"href":"https:\/\/planbleu.org\/en\/wp-json\/wp\/v2\/pb_tags?post=7641"}],"curies":[{"name":"wp","href":"https:\/\/api.w.org\/{rel}","templated":true}]}}